{"id":42777,"date":"2025-09-29T15:38:14","date_gmt":"2025-09-29T19:38:14","guid":{"rendered":"https:\/\/businessdatalab.ca\/?post_type=publications&#038;p=42777"},"modified":"2025-09-29T15:37:58","modified_gmt":"2025-09-29T19:37:58","slug":"les-entreprises-font-preuve-dune-resilience-remarquable","status":"publish","type":"publications","link":"https:\/\/businessdatalab.ca\/fr\/publications\/les-entreprises-font-preuve-dune-resilience-remarquable\/","title":{"rendered":"Les entreprises font preuve d\u2019une r\u00e9silience remarquable\u00a0: les principales observations tir\u00e9es des Donn\u00e9es trimestrielles sur les entreprises (T3 2025)"},"content":{"rendered":"\n<style>\n#button-block_448a2da8496ee81e599003cbb751ff06{padding-bottom:0}\n.py-16{padding-top:1rem !important}\n\/*Button underline none*\/\n.prose a {\n\n   text-decoration: none !important\n}\n<\/style>\n\n\n\n<p><strong>L\u2019\u00e9conomie canadienne fait preuve de r\u00e9silience dans certains domaines, mais reste globalement coinc\u00e9e dans une dynamique de croissance lente. M\u00eame si les entreprises s\u2019adaptent aux chocs commerciaux et au ralentissement de l\u2019activit\u00e9 \u00e9conomique, la persistance des co\u00fbts, la demande des consommateurs et les probl\u00e8mes de main-d\u2019\u0153uvre continuent de peser sur leur confiance, leurs d\u00e9cisions en mati\u00e8re d\u2019embauche et d\u2019investissement.<\/strong><\/p>\n\n\n\n<p>En ce qui concerne le commerce en particulier, les entreprises apprennent \u00e0 vivre avec l\u2019incertitude. Davantage d\u2019entreprises prennent des mesures proactives en diversifiant leurs fournisseurs et en augmentant leur utilisation des pr\u00e9f\u00e9rences de l\u2019ACEUM. Il est encourageant de constater que la majorit\u00e9 des entreprises interrog\u00e9es ce trimestre ont indiqu\u00e9 qu\u2019elles pourraient r\u00e9sister aux tarifs douaniers actuels et \u00e0 l\u2019incertitude pendant plus d\u2019un an.<\/p>\n\n\n\n<div style=\"height:30px\" aria-hidden=\"true\" class=\"wp-block-spacer\"><\/div>\n\n\n\n<h1 class=\"wp-block-heading has-text-color has-link-color wp-elements-d5f6322fef0911a530318e8a8c1c37b3\" style=\"color:#00b9b4\">Pr\u00e9visions commerciales&nbsp;:<\/h1>\n\n\n\n<p>Le moral des entreprises est rest\u00e9 morose au cours des cinq derniers trimestres cons\u00e9cutifs. Toutefois, il n\u2019a pas fl\u00e9chi par rapport au deuxi\u00e8me trimestre, se maintenant \u00e0 95 (un niveau inf\u00e9rieur \u00e0 100 indique une d\u00e9t\u00e9rioration du moral des entreprises).<\/p>\n\n\n\n<div style=\"height:10px\" aria-hidden=\"true\" class=\"wp-block-spacer\"><\/div>\n\n\n\n<figure class=\"wp-block-image size-full\"><img loading=\"lazy\" decoding=\"async\" width=\"2560\" height=\"1406\" src=\"https:\/\/businessdatalab.ca\/wp-content\/uploads\/2025\/09\/BIQ3_2025_Slide_9_FR-scaled.jpg\" alt=\"\" class=\"wp-image-42782\" srcset=\"https:\/\/businessdatalab.ca\/wp-content\/uploads\/2025\/09\/BIQ3_2025_Slide_9_FR-scaled.jpg 2560w, https:\/\/businessdatalab.ca\/wp-content\/uploads\/2025\/09\/BIQ3_2025_Slide_9_FR-300x165.jpg 300w, https:\/\/businessdatalab.ca\/wp-content\/uploads\/2025\/09\/BIQ3_2025_Slide_9_FR-1024x562.jpg 1024w, https:\/\/businessdatalab.ca\/wp-content\/uploads\/2025\/09\/BIQ3_2025_Slide_9_FR-768x422.jpg 768w, https:\/\/businessdatalab.ca\/wp-content\/uploads\/2025\/09\/BIQ3_2025_Slide_9_FR-1536x844.jpg 1536w, https:\/\/businessdatalab.ca\/wp-content\/uploads\/2025\/09\/BIQ3_2025_Slide_9_FR-2048x1125.jpg 2048w\" sizes=\"auto, (max-width: 2560px) 100vw, 2560px\" \/><\/figure>\n\n\n\n<div style=\"height:10px\" aria-hidden=\"true\" class=\"wp-block-spacer\"><\/div>\n\n\n\n<p>Les grandes entreprises (100 employ\u00e9s et plus) ont connu un regain d\u2019optimisme, leurs perspectives augmentant de 11&nbsp;points, probablement gr\u00e2ce \u00e0 une meilleure gestion des risques, \u00e0 une pr\u00e9sence mondiale et \u00e0 l\u2019acc\u00e8s aux capitaux.<\/p>\n\n\n\n<p>\u00c0 20&nbsp;%, le pessimisme des entreprises a failli atteindre le niveau record de 21&nbsp;% enregistr\u00e9 au T4&nbsp;2023.<\/p>\n\n\n\n<div style=\"height:10px\" aria-hidden=\"true\" class=\"wp-block-spacer\"><\/div>\n\n\n\n<figure class=\"wp-block-image size-full\"><img loading=\"lazy\" decoding=\"async\" width=\"2560\" height=\"1406\" src=\"https:\/\/businessdatalab.ca\/wp-content\/uploads\/2025\/09\/BIQ3_2025_Slide_15_FR-scaled.jpg\" alt=\"\" class=\"wp-image-42783\" srcset=\"https:\/\/businessdatalab.ca\/wp-content\/uploads\/2025\/09\/BIQ3_2025_Slide_15_FR-scaled.jpg 2560w, https:\/\/businessdatalab.ca\/wp-content\/uploads\/2025\/09\/BIQ3_2025_Slide_15_FR-300x165.jpg 300w, https:\/\/businessdatalab.ca\/wp-content\/uploads\/2025\/09\/BIQ3_2025_Slide_15_FR-1024x562.jpg 1024w, https:\/\/businessdatalab.ca\/wp-content\/uploads\/2025\/09\/BIQ3_2025_Slide_15_FR-768x422.jpg 768w, https:\/\/businessdatalab.ca\/wp-content\/uploads\/2025\/09\/BIQ3_2025_Slide_15_FR-1536x844.jpg 1536w, https:\/\/businessdatalab.ca\/wp-content\/uploads\/2025\/09\/BIQ3_2025_Slide_15_FR-2048x1125.jpg 2048w\" sizes=\"auto, (max-width: 2560px) 100vw, 2560px\" \/><\/figure>\n\n\n\n<div style=\"height:30px\" aria-hidden=\"true\" class=\"wp-block-spacer\"><\/div>\n\n\n\n<h1 class=\"wp-block-heading has-text-color has-link-color wp-elements-3783444637f0b204bb14d46fb8addd8c\" style=\"color:#00b9b4\">Obstacles commerciaux<\/h1>\n\n\n\n<p>Le pourcentage d\u2019entreprises qui s\u2019attendent \u00e0 des obstacles au cours des trois prochains mois a diminu\u00e9 dans tous les segments. L\u2019inflation arrive en t\u00eate avec 45&nbsp;%, tandis que le co\u00fbt des intrants et les taux d\u2019int\u00e9r\u00eat et d\u2019endettement accusent tous deux un retard de 20&nbsp;points de pourcentage. Dans l\u2019ensemble, les d\u00e9fis li\u00e9s aux co\u00fbts conservent leur premi\u00e8re place, tandis que la demande des clients et les d\u00e9fis li\u00e9s \u00e0 la main-d\u2019\u0153uvre occupent respectivement les deuxi\u00e8me et troisi\u00e8me places.<\/p>\n\n\n\n<div style=\"height:10px\" aria-hidden=\"true\" class=\"wp-block-spacer\"><\/div>\n\n\n\n<figure class=\"wp-block-image size-full\"><img loading=\"lazy\" decoding=\"async\" width=\"2560\" height=\"1406\" src=\"https:\/\/businessdatalab.ca\/wp-content\/uploads\/2025\/09\/BIQ3_2025_Slide_17_FR-scaled.jpg\" alt=\"\" class=\"wp-image-42784\" srcset=\"https:\/\/businessdatalab.ca\/wp-content\/uploads\/2025\/09\/BIQ3_2025_Slide_17_FR-scaled.jpg 2560w, https:\/\/businessdatalab.ca\/wp-content\/uploads\/2025\/09\/BIQ3_2025_Slide_17_FR-300x165.jpg 300w, https:\/\/businessdatalab.ca\/wp-content\/uploads\/2025\/09\/BIQ3_2025_Slide_17_FR-1024x562.jpg 1024w, https:\/\/businessdatalab.ca\/wp-content\/uploads\/2025\/09\/BIQ3_2025_Slide_17_FR-768x422.jpg 768w, https:\/\/businessdatalab.ca\/wp-content\/uploads\/2025\/09\/BIQ3_2025_Slide_17_FR-1536x844.jpg 1536w, https:\/\/businessdatalab.ca\/wp-content\/uploads\/2025\/09\/BIQ3_2025_Slide_17_FR-2048x1125.jpg 2048w\" sizes=\"auto, (max-width: 2560px) 100vw, 2560px\" \/><\/figure>\n\n\n\n<div style=\"height:30px\" aria-hidden=\"true\" class=\"wp-block-spacer\"><\/div>\n\n\n\n<h1 class=\"wp-block-heading has-text-color has-link-color wp-elements-a63d1d6bc39342992a1ccb9a484b15af\" style=\"color:#00b9b4\">March\u00e9 du travail<\/h1>\n\n\n\n<p>Les probl\u00e8mes de main-d\u2019\u0153uvre, qui comprennent le recrutement d\u2019employ\u00e9s qualifi\u00e9s, la fid\u00e9lisation des employ\u00e9s qualifi\u00e9s et les p\u00e9nuries de main-d\u2019\u0153uvre, restent l\u2019un des trois principaux obstacles pour les entreprises. Les d\u00e9fis actuels sont concentr\u00e9s dans les secteurs des travailleurs \u00e9trangers temporaires (TET) et des travailleurs manuels, comme l\u2019h\u00e9bergement et la restauration, la construction et le commerce de gros.<\/p>\n\n\n\n<h2 class=\"wp-block-heading has-text-color has-link-color wp-elements-86f25169bbbef2fcd48d5e0115f1cdef\" style=\"color:#7632e3\">Ch\u00f4mage des jeunes<\/h2>\n\n\n\n<p>Le taux de ch\u00f4mage des jeunes reste sup\u00e9rieur \u00e0 sa moyenne pr\u00e9pand\u00e9mique, ce qui suscite des inqui\u00e9tudes quant \u00e0 l\u2019int\u00e9gration \u00e0 long terme de la main-d\u2019\u0153uvre. Cependant, malgr\u00e9 certaines th\u00e9ories qui affirment le contraire, il n\u2019existe qu\u2019un faible lien entre l\u2019utilisation des TET et le ch\u00f4mage des jeunes. Le niveau de scolarit\u00e9, et non les TET, est un meilleur indicateur du ch\u00f4mage des jeunes. Les jeunes moins instruits (dipl\u00f4me d\u2019\u00e9tudes secondaires ou moins) connaissent un taux de ch\u00f4mage plus \u00e9lev\u00e9.<\/p>\n\n\n\n<div style=\"height:30px\" aria-hidden=\"true\" class=\"wp-block-spacer\"><\/div>\n\n\n\n<h1 class=\"wp-block-heading has-text-color has-link-color wp-elements-74abdd5d27c985b474e9b758697ada99\" style=\"color:#00b9b4\">Commerce<\/h1>\n\n\n\n<p>Un tiers des entreprises canadiennes engag\u00e9es dans le commerce sont touch\u00e9es par les tarifs douaniers am\u00e9ricains, les fabricants et les d\u00e9taillants \u00e9tant les plus durement touch\u00e9s. Parall\u00e8lement, le taux d\u2019utilisation de l\u2019ACEUM a grimp\u00e9 \u00e0 53&nbsp;% en juillet, son plus haut niveau en 20&nbsp;ans.<\/p>\n\n\n\n<div style=\"height:10px\" aria-hidden=\"true\" class=\"wp-block-spacer\"><\/div>\n\n\n\n<figure class=\"wp-block-image size-full\"><img loading=\"lazy\" decoding=\"async\" width=\"2560\" height=\"1406\" src=\"https:\/\/businessdatalab.ca\/wp-content\/uploads\/2025\/09\/BIQ3_2025_Slide_35_FR-scaled.jpg\" alt=\"\" class=\"wp-image-42785\" srcset=\"https:\/\/businessdatalab.ca\/wp-content\/uploads\/2025\/09\/BIQ3_2025_Slide_35_FR-scaled.jpg 2560w, https:\/\/businessdatalab.ca\/wp-content\/uploads\/2025\/09\/BIQ3_2025_Slide_35_FR-300x165.jpg 300w, https:\/\/businessdatalab.ca\/wp-content\/uploads\/2025\/09\/BIQ3_2025_Slide_35_FR-1024x562.jpg 1024w, https:\/\/businessdatalab.ca\/wp-content\/uploads\/2025\/09\/BIQ3_2025_Slide_35_FR-768x422.jpg 768w, https:\/\/businessdatalab.ca\/wp-content\/uploads\/2025\/09\/BIQ3_2025_Slide_35_FR-1536x844.jpg 1536w, https:\/\/businessdatalab.ca\/wp-content\/uploads\/2025\/09\/BIQ3_2025_Slide_35_FR-2048x1125.jpg 2048w\" sizes=\"auto, (max-width: 2560px) 100vw, 2560px\" \/><\/figure>\n\n\n\n<div style=\"height:10px\" aria-hidden=\"true\" class=\"wp-block-spacer\"><\/div>\n\n\n\n<p>Les tarifs douaniers poussent de nombreux exportateurs de biens canadiens \u00e0 diversifier leurs ventes (27&nbsp;%) et leurs fournisseurs (31&nbsp;%) \u00e0 l\u2019ext\u00e9rieur des \u00c9tats-Unis, m\u00eame si pr\u00e8s d\u2019un exportateur sur cinq choisit de ne pas bouger.<\/p>\n\n\n\n<div style=\"height:10px\" aria-hidden=\"true\" class=\"wp-block-spacer\"><\/div>\n\n\n\n<figure class=\"wp-block-image size-full\"><img loading=\"lazy\" decoding=\"async\" width=\"2560\" height=\"1406\" src=\"https:\/\/businessdatalab.ca\/wp-content\/uploads\/2025\/09\/BIQ3_2025_Slide_36_FR-scaled.jpg\" alt=\"\" class=\"wp-image-42786\" srcset=\"https:\/\/businessdatalab.ca\/wp-content\/uploads\/2025\/09\/BIQ3_2025_Slide_36_FR-scaled.jpg 2560w, https:\/\/businessdatalab.ca\/wp-content\/uploads\/2025\/09\/BIQ3_2025_Slide_36_FR-300x165.jpg 300w, https:\/\/businessdatalab.ca\/wp-content\/uploads\/2025\/09\/BIQ3_2025_Slide_36_FR-1024x562.jpg 1024w, https:\/\/businessdatalab.ca\/wp-content\/uploads\/2025\/09\/BIQ3_2025_Slide_36_FR-768x422.jpg 768w, https:\/\/businessdatalab.ca\/wp-content\/uploads\/2025\/09\/BIQ3_2025_Slide_36_FR-1536x844.jpg 1536w, https:\/\/businessdatalab.ca\/wp-content\/uploads\/2025\/09\/BIQ3_2025_Slide_36_FR-2048x1125.jpg 2048w\" sizes=\"auto, (max-width: 2560px) 100vw, 2560px\" \/><\/figure>\n\n\n<section id=\"button-block_a836dda4efdee2840369497308d8606e\" class=\"button py-16\"  style=\"background: #FFF\">\n    <div class=\"container\">\n        <div class=\" mx-auto\">\n            <div class=\"flex flex-wrap gap-4\">\n                                    <a href=\"https:\/\/businessdatalab.ca\/wp-content\/uploads\/2025\/09\/BDL_BIQ_Q3_2025_Report_FR_FINAL-1.pdf\" \n                       target=\"_blank\"\n                       class=\"relative !decoration-none !no-underline items-start p-1 overflow-hidden border-2 border-black rounded-full gap-x-2 group inline-flex\">\n                        <div class=\"flex-shrink-0 flex m-auto\">\n                            <div class=\"relative w-9 z-[1] px-3 h-9 flex gap-3 overflow-hidden items-center justify-center rounded-full transition-all duration-500 ease-in-out\">\n                                <div class=\"absolute flex flex-1 transition-all duration-500 ease-in-out -translate-x-1\/2 left-1\/2 group-hover:-left-1\/2 group-hover:-translate-x-full\">\n                                    <i class=\"fa-solid fa-arrow-right text-base !leading-4 text-white\"><\/i>\n                                <\/div>\n                                <div class=\"flex-1 flex absolute -top-[1px] -right-5 transition-all duration-500 ease-in-out group-hover:right-[18px] translate-x-0 group-hover:translate-x-1\/2\">\n                                    <i class=\"fa-solid fa-arrow-right text-base !leading-4 text-white\"><\/i>\n                                <\/div>\n                            <\/div>\n                            <div class=\"bg-violet absolute rounded-full left-1 right-1.5 z-0 w-9 h-9 group-hover:w-[calc(100%-8px)] transition-all duration-500 ease-in-out top-0 bottom-0 my-auto mx-0\"><\/div>\n                        <\/div>\n                        <div class=\"pr-6 relative flex items-center z-[1] py-2\">\n                            <span class=\"text-black text-sm md:text-base !leading-4 uppercase font-medium transition-all duration-500 ease-in-out group-hover:text-white !decoration-none !no-underline\">\n                                Lisez les Donn\u00e9es trimestrielles sur les entreprises                            <\/span>\n                        <\/div>\n                    <\/a>\n                            <\/div>\n        <\/div>\n    <\/div>\n<\/section>\n","protected":false},"excerpt":{"rendered":"<p>Davantage d\u2019entreprises prennent des mesures proactives en diversifiant leurs fournisseurs et en augmentant leur utilisation des pr\u00e9f\u00e9rences de l\u2019ACEUM.<\/p>\n","protected":false},"author":28,"featured_media":42688,"comment_status":"open","ping_status":"closed","template":"","meta":{"_acf_changed":false,"content-type":"","inline_featured_image":false,"ngg_post_thumbnail":0,"footnotes":""},"publication-type":[388],"publication-topic":[],"class_list":["post-42777","publications","type-publications","status-publish","has-post-thumbnail","hentry","publication-type-report-fr"],"acf":[],"yoast_head":"<!-- This site is optimized with the Yoast SEO plugin v27.2 - https:\/\/yoast.com\/product\/yoast-seo-wordpress\/ -->\n<title>Les entreprises font preuve d\u2019une r\u00e9silience remarquable\u00a0: les principales observations tir\u00e9es des Donn\u00e9es trimestrielles sur les entreprises (T3 2025) - Business Data Lab<\/title>\n<meta name=\"robots\" content=\"index, follow, max-snippet:-1, max-image-preview:large, max-video-preview:-1\" \/>\n<link rel=\"canonical\" href=\"https:\/\/businessdatalab.ca\/fr\/publications\/les-entreprises-font-preuve-dune-resilience-remarquable\/\" \/>\n<meta property=\"og:locale\" content=\"fr_FR\" \/>\n<meta property=\"og:type\" content=\"article\" \/>\n<meta property=\"og:title\" content=\"Les entreprises font preuve d\u2019une r\u00e9silience remarquable\u00a0: les principales observations tir\u00e9es des Donn\u00e9es trimestrielles sur les entreprises (T3 2025) - Business Data Lab\" \/>\n<meta property=\"og:description\" content=\"Davantage d\u2019entreprises prennent des mesures proactives en diversifiant leurs fournisseurs et en augmentant leur utilisation des pr\u00e9f\u00e9rences de l\u2019ACEUM.\" \/>\n<meta property=\"og:url\" content=\"https:\/\/businessdatalab.ca\/fr\/publications\/les-entreprises-font-preuve-dune-resilience-remarquable\/\" \/>\n<meta property=\"og:site_name\" content=\"Business Data Lab\" \/>\n<meta property=\"article:publisher\" content=\"https:\/\/www.facebook.com\/CdnChamberofCom\/\" \/>\n<meta property=\"og:image\" content=\"https:\/\/businessdatalab.ca\/wp-content\/uploads\/2025\/09\/BDL_BIQ_Q3_2025_WebBanner.png\" \/>\n\t<meta property=\"og:image:width\" content=\"1500\" \/>\n\t<meta property=\"og:image:height\" content=\"750\" \/>\n\t<meta property=\"og:image:type\" content=\"image\/png\" \/>\n<meta name=\"twitter:card\" content=\"summary_large_image\" \/>\n<meta name=\"twitter:site\" content=\"@CdnChamberofCom\" \/>\n<meta name=\"twitter:label1\" content=\"Est. reading time\" \/>\n\t<meta name=\"twitter:data1\" content=\"4 minutes\" \/>\n<script type=\"application\/ld+json\" class=\"yoast-schema-graph\">{\"@context\":\"https:\/\/schema.org\",\"@graph\":[{\"@type\":\"WebPage\",\"@id\":\"https:\/\/businessdatalab.ca\/fr\/publications\/les-entreprises-font-preuve-dune-resilience-remarquable\/\",\"url\":\"https:\/\/businessdatalab.ca\/fr\/publications\/les-entreprises-font-preuve-dune-resilience-remarquable\/\",\"name\":\"Les entreprises font preuve d\u2019une r\u00e9silience remarquable\u00a0: les principales observations tir\u00e9es des Donn\u00e9es trimestrielles sur les entreprises (T3 2025) - Business Data Lab\",\"isPartOf\":{\"@id\":\"https:\/\/businessdatalab.ca\/#website\"},\"primaryImageOfPage\":{\"@id\":\"https:\/\/businessdatalab.ca\/fr\/publications\/les-entreprises-font-preuve-dune-resilience-remarquable\/#primaryimage\"},\"image\":{\"@id\":\"https:\/\/businessdatalab.ca\/fr\/publications\/les-entreprises-font-preuve-dune-resilience-remarquable\/#primaryimage\"},\"thumbnailUrl\":\"https:\/\/businessdatalab.ca\/wp-content\/uploads\/2025\/09\/BDL_BIQ_Q3_2025_WebBanner.png\",\"datePublished\":\"2025-09-29T19:38:14+00:00\",\"breadcrumb\":{\"@id\":\"https:\/\/businessdatalab.ca\/fr\/publications\/les-entreprises-font-preuve-dune-resilience-remarquable\/#breadcrumb\"},\"inLanguage\":\"fr-FR\",\"potentialAction\":[{\"@type\":\"ReadAction\",\"target\":[\"https:\/\/businessdatalab.ca\/fr\/publications\/les-entreprises-font-preuve-dune-resilience-remarquable\/\"]}]},{\"@type\":\"ImageObject\",\"inLanguage\":\"fr-FR\",\"@id\":\"https:\/\/businessdatalab.ca\/fr\/publications\/les-entreprises-font-preuve-dune-resilience-remarquable\/#primaryimage\",\"url\":\"https:\/\/businessdatalab.ca\/wp-content\/uploads\/2025\/09\/BDL_BIQ_Q3_2025_WebBanner.png\",\"contentUrl\":\"https:\/\/businessdatalab.ca\/wp-content\/uploads\/2025\/09\/BDL_BIQ_Q3_2025_WebBanner.png\",\"width\":1500,\"height\":750},{\"@type\":\"BreadcrumbList\",\"@id\":\"https:\/\/businessdatalab.ca\/fr\/publications\/les-entreprises-font-preuve-dune-resilience-remarquable\/#breadcrumb\",\"itemListElement\":[{\"@type\":\"ListItem\",\"position\":1,\"name\":\"Home\",\"item\":\"https:\/\/businessdatalab.ca\/fr\/\"},{\"@type\":\"ListItem\",\"position\":2,\"name\":\"Les entreprises font preuve d\u2019une r\u00e9silience remarquable\u00a0: les principales observations tir\u00e9es des Donn\u00e9es trimestrielles sur les entreprises (T3 2025)\"}]},{\"@type\":\"WebSite\",\"@id\":\"https:\/\/businessdatalab.ca\/#website\",\"url\":\"https:\/\/businessdatalab.ca\/\",\"name\":\"Business Data Lab\",\"description\":\"\",\"publisher\":{\"@id\":\"https:\/\/businessdatalab.ca\/#organization\"},\"potentialAction\":[{\"@type\":\"SearchAction\",\"target\":{\"@type\":\"EntryPoint\",\"urlTemplate\":\"https:\/\/businessdatalab.ca\/?s={search_term_string}\"},\"query-input\":{\"@type\":\"PropertyValueSpecification\",\"valueRequired\":true,\"valueName\":\"search_term_string\"}}],\"inLanguage\":\"fr-FR\"},{\"@type\":\"Organization\",\"@id\":\"https:\/\/businessdatalab.ca\/#organization\",\"name\":\"Business Data Lab\",\"url\":\"https:\/\/businessdatalab.ca\/\",\"logo\":{\"@type\":\"ImageObject\",\"inLanguage\":\"fr-FR\",\"@id\":\"https:\/\/businessdatalab.ca\/#\/schema\/logo\/image\/\",\"url\":\"https:\/\/businessdatalab.ca\/wp-content\/uploads\/2022\/09\/Chamber__BDL_Logo.png\",\"contentUrl\":\"https:\/\/businessdatalab.ca\/wp-content\/uploads\/2022\/09\/Chamber__BDL_Logo.png\",\"width\":479,\"height\":61,\"caption\":\"Business Data Lab\"},\"image\":{\"@id\":\"https:\/\/businessdatalab.ca\/#\/schema\/logo\/image\/\"},\"sameAs\":[\"https:\/\/www.facebook.com\/CdnChamberofCom\/\",\"https:\/\/x.com\/CdnChamberofCom\"]}]}<\/script>\n<!-- \/ Yoast SEO plugin. -->","yoast_head_json":{"title":"Les entreprises font preuve d\u2019une r\u00e9silience remarquable\u00a0: les principales observations tir\u00e9es des Donn\u00e9es trimestrielles sur les entreprises (T3 2025) - Business Data Lab","robots":{"index":"index","follow":"follow","max-snippet":"max-snippet:-1","max-image-preview":"max-image-preview:large","max-video-preview":"max-video-preview:-1"},"canonical":"https:\/\/businessdatalab.ca\/fr\/publications\/les-entreprises-font-preuve-dune-resilience-remarquable\/","og_locale":"fr_FR","og_type":"article","og_title":"Les entreprises font preuve d\u2019une r\u00e9silience remarquable\u00a0: les principales observations tir\u00e9es des Donn\u00e9es trimestrielles sur les entreprises (T3 2025) - Business Data Lab","og_description":"Davantage d\u2019entreprises prennent des mesures proactives en diversifiant leurs fournisseurs et en augmentant leur utilisation des pr\u00e9f\u00e9rences de l\u2019ACEUM.","og_url":"https:\/\/businessdatalab.ca\/fr\/publications\/les-entreprises-font-preuve-dune-resilience-remarquable\/","og_site_name":"Business Data Lab","article_publisher":"https:\/\/www.facebook.com\/CdnChamberofCom\/","og_image":[{"width":1500,"height":750,"url":"https:\/\/businessdatalab.ca\/wp-content\/uploads\/2025\/09\/BDL_BIQ_Q3_2025_WebBanner.png","type":"image\/png"}],"twitter_card":"summary_large_image","twitter_site":"@CdnChamberofCom","twitter_misc":{"Est. reading time":"4 minutes"},"schema":{"@context":"https:\/\/schema.org","@graph":[{"@type":"WebPage","@id":"https:\/\/businessdatalab.ca\/fr\/publications\/les-entreprises-font-preuve-dune-resilience-remarquable\/","url":"https:\/\/businessdatalab.ca\/fr\/publications\/les-entreprises-font-preuve-dune-resilience-remarquable\/","name":"Les entreprises font preuve d\u2019une r\u00e9silience remarquable\u00a0: les principales observations tir\u00e9es des Donn\u00e9es trimestrielles sur les entreprises (T3 2025) - Business Data Lab","isPartOf":{"@id":"https:\/\/businessdatalab.ca\/#website"},"primaryImageOfPage":{"@id":"https:\/\/businessdatalab.ca\/fr\/publications\/les-entreprises-font-preuve-dune-resilience-remarquable\/#primaryimage"},"image":{"@id":"https:\/\/businessdatalab.ca\/fr\/publications\/les-entreprises-font-preuve-dune-resilience-remarquable\/#primaryimage"},"thumbnailUrl":"https:\/\/businessdatalab.ca\/wp-content\/uploads\/2025\/09\/BDL_BIQ_Q3_2025_WebBanner.png","datePublished":"2025-09-29T19:38:14+00:00","breadcrumb":{"@id":"https:\/\/businessdatalab.ca\/fr\/publications\/les-entreprises-font-preuve-dune-resilience-remarquable\/#breadcrumb"},"inLanguage":"fr-FR","potentialAction":[{"@type":"ReadAction","target":["https:\/\/businessdatalab.ca\/fr\/publications\/les-entreprises-font-preuve-dune-resilience-remarquable\/"]}]},{"@type":"ImageObject","inLanguage":"fr-FR","@id":"https:\/\/businessdatalab.ca\/fr\/publications\/les-entreprises-font-preuve-dune-resilience-remarquable\/#primaryimage","url":"https:\/\/businessdatalab.ca\/wp-content\/uploads\/2025\/09\/BDL_BIQ_Q3_2025_WebBanner.png","contentUrl":"https:\/\/businessdatalab.ca\/wp-content\/uploads\/2025\/09\/BDL_BIQ_Q3_2025_WebBanner.png","width":1500,"height":750},{"@type":"BreadcrumbList","@id":"https:\/\/businessdatalab.ca\/fr\/publications\/les-entreprises-font-preuve-dune-resilience-remarquable\/#breadcrumb","itemListElement":[{"@type":"ListItem","position":1,"name":"Home","item":"https:\/\/businessdatalab.ca\/fr\/"},{"@type":"ListItem","position":2,"name":"Les entreprises font preuve d\u2019une r\u00e9silience remarquable\u00a0: les principales observations tir\u00e9es des Donn\u00e9es trimestrielles sur les entreprises (T3 2025)"}]},{"@type":"WebSite","@id":"https:\/\/businessdatalab.ca\/#website","url":"https:\/\/businessdatalab.ca\/","name":"Business Data Lab","description":"","publisher":{"@id":"https:\/\/businessdatalab.ca\/#organization"},"potentialAction":[{"@type":"SearchAction","target":{"@type":"EntryPoint","urlTemplate":"https:\/\/businessdatalab.ca\/?s={search_term_string}"},"query-input":{"@type":"PropertyValueSpecification","valueRequired":true,"valueName":"search_term_string"}}],"inLanguage":"fr-FR"},{"@type":"Organization","@id":"https:\/\/businessdatalab.ca\/#organization","name":"Business Data Lab","url":"https:\/\/businessdatalab.ca\/","logo":{"@type":"ImageObject","inLanguage":"fr-FR","@id":"https:\/\/businessdatalab.ca\/#\/schema\/logo\/image\/","url":"https:\/\/businessdatalab.ca\/wp-content\/uploads\/2022\/09\/Chamber__BDL_Logo.png","contentUrl":"https:\/\/businessdatalab.ca\/wp-content\/uploads\/2022\/09\/Chamber__BDL_Logo.png","width":479,"height":61,"caption":"Business Data Lab"},"image":{"@id":"https:\/\/businessdatalab.ca\/#\/schema\/logo\/image\/"},"sameAs":["https:\/\/www.facebook.com\/CdnChamberofCom\/","https:\/\/x.com\/CdnChamberofCom"]}]}},"hide_from_sitemap_search":"","_links":{"self":[{"href":"https:\/\/businessdatalab.ca\/fr\/wp-json\/wp\/v2\/publications\/42777","targetHints":{"allow":["GET"]}}],"collection":[{"href":"https:\/\/businessdatalab.ca\/fr\/wp-json\/wp\/v2\/publications"}],"about":[{"href":"https:\/\/businessdatalab.ca\/fr\/wp-json\/wp\/v2\/types\/publications"}],"author":[{"embeddable":true,"href":"https:\/\/businessdatalab.ca\/fr\/wp-json\/wp\/v2\/users\/28"}],"replies":[{"embeddable":true,"href":"https:\/\/businessdatalab.ca\/fr\/wp-json\/wp\/v2\/comments?post=42777"}],"version-history":[{"count":0,"href":"https:\/\/businessdatalab.ca\/fr\/wp-json\/wp\/v2\/publications\/42777\/revisions"}],"wp:featuredmedia":[{"embeddable":true,"href":"https:\/\/businessdatalab.ca\/fr\/wp-json\/wp\/v2\/media\/42688"}],"wp:attachment":[{"href":"https:\/\/businessdatalab.ca\/fr\/wp-json\/wp\/v2\/media?parent=42777"}],"wp:term":[{"taxonomy":"publication-type","embeddable":true,"href":"https:\/\/businessdatalab.ca\/fr\/wp-json\/wp\/v2\/publication-type?post=42777"},{"taxonomy":"publication-topic","embeddable":true,"href":"https:\/\/businessdatalab.ca\/fr\/wp-json\/wp\/v2\/publication-topic?post=42777"}],"curies":[{"name":"wp","href":"https:\/\/api.w.org\/{rel}","templated":true}]}}