{"id":40734,"date":"2025-03-24T11:12:35","date_gmt":"2025-03-24T15:12:35","guid":{"rendered":"https:\/\/businessdatalab.ca\/?post_type=publications&#038;p=40734"},"modified":"2025-04-02T11:44:24","modified_gmt":"2025-04-02T15:44:24","slug":"exportateurs-marchandises-observations-t1-2025","status":"publish","type":"publications","link":"https:\/\/businessdatalab.ca\/fr\/publications\/exportateurs-marchandises-observations-t1-2025\/","title":{"rendered":"Les exportateurs de marchandises traversent une p\u00e9riode difficile\u00a0: les principales observations tir\u00e9es des Donn\u00e9es trimestrielles sur les entreprises (T1 2025)"},"content":{"rendered":"\n<style>\n\/*Button underline none*\/\n.prose a {\n\n   text-decoration: none !important\n}\n<\/style>\n\n\n\n<p><strong>\u00c0 mesure que l\u2019ann\u00e9e\u00a02025 avance, les entreprises canadiennes, en particulier celles qui exportent des biens, font face \u00e0 des difficult\u00e9s croissantes. Dans le climat \u00e9conomique et commercial actuel, il n\u2019est pas surprenant de constater, dans la nouvelle \u00e9dition des Donn\u00e9es trimestrielles sur les entreprises, que le moral des entreprises reste faible pour un troisi\u00e8me trimestre d\u2019affil\u00e9e. L\u2019optimisme des exportateurs est maintenant inf\u00e9rieur \u00e0 celui de toutes les autres entreprises.<\/strong><\/p>\n\n\n\n<h1 class=\"wp-block-heading has-text-color has-link-color wp-elements-7403568f784c229809f075888c247d1f\" style=\"color:#00b9b4\">Pr\u00e9visions commerciales<\/h1>\n\n\n\n<p>Depuis le T3\u00a02021, les exportateurs de biens ont fait preuve d\u2019un optimisme sup\u00e9rieur \u00e0 la moyenne. Ce ph\u00e9nom\u00e8ne s\u2019est invers\u00e9 au T3\u00a02024, quand des gr\u00e8ves ont touch\u00e9 les secteurs ferroviaire et portuaire, puis au T4\u00a02024, alors qu\u2019une hausse des tensions commerciales avec les \u00c9tats-Unis est venue alimenter les craintes d\u2019une hausse des tarifs douaniers. L\u2019optimisme des exportateurs de biens est depuis en baisse et aucune reprise claire ne se profile \u00e0 l\u2019horizon.<\/p>\n\n\n\n<figure class=\"wp-block-image size-large\"><img loading=\"lazy\" decoding=\"async\" width=\"1024\" height=\"489\" src=\"https:\/\/businessdatalab.ca\/wp-content\/uploads\/2025\/03\/2025BIQ_Q1_Slide9_FR-1024x489.png\" alt=\"\" class=\"wp-image-40736\" srcset=\"https:\/\/businessdatalab.ca\/wp-content\/uploads\/2025\/03\/2025BIQ_Q1_Slide9_FR-1024x489.png 1024w, https:\/\/businessdatalab.ca\/wp-content\/uploads\/2025\/03\/2025BIQ_Q1_Slide9_FR-300x143.png 300w, https:\/\/businessdatalab.ca\/wp-content\/uploads\/2025\/03\/2025BIQ_Q1_Slide9_FR-768x367.png 768w, https:\/\/businessdatalab.ca\/wp-content\/uploads\/2025\/03\/2025BIQ_Q1_Slide9_FR-1536x733.png 1536w, https:\/\/businessdatalab.ca\/wp-content\/uploads\/2025\/03\/2025BIQ_Q1_Slide9_FR-2048x978.png 2048w\" sizes=\"auto, (max-width: 1024px) 100vw, 1024px\" \/><figcaption class=\"wp-element-caption\"><em>Source\u00a0: Analyse du LDE \u00e0 partir de l\u2019<em>Enqu\u00eate canadienne sur la situation des entreprises<\/em> de Statistique Canada.<\/em><\/figcaption><\/figure>\n\n\n\n<h2 class=\"wp-block-heading has-text-color has-link-color wp-elements-9952c2c38109f927be78b4c999f101c7\" style=\"color:#7632e3\">Par r\u00e9gion<\/h2>\n\n\n\n<p>L\u2019Ontario, qui est le c\u0153ur de l\u2019industrie manufacturi\u00e8re et automobile au Canada, est aussi la province o\u00f9 les entreprises sont les moins optimistes. Dans les villes canadiennes les plus populeuses, c\u2019est dans le sud-ouest de l\u2019Ontario que l\u2019optimisme des entreprises est le plus bas. Plus particuli\u00e8rement \u00e0 Oshawa, London et Hamilton, o\u00f9 les industries d\u00e9pendantes du commerce sont durement touch\u00e9es.<\/p>\n\n\n\n<figure class=\"wp-block-image size-large\"><img loading=\"lazy\" decoding=\"async\" width=\"1024\" height=\"505\" src=\"https:\/\/businessdatalab.ca\/wp-content\/uploads\/2025\/03\/2025BIQ_Q1_Slide12_FR-1024x505.png\" alt=\"\" class=\"wp-image-40737\" srcset=\"https:\/\/businessdatalab.ca\/wp-content\/uploads\/2025\/03\/2025BIQ_Q1_Slide12_FR-1024x505.png 1024w, https:\/\/businessdatalab.ca\/wp-content\/uploads\/2025\/03\/2025BIQ_Q1_Slide12_FR-300x148.png 300w, https:\/\/businessdatalab.ca\/wp-content\/uploads\/2025\/03\/2025BIQ_Q1_Slide12_FR-768x379.png 768w, https:\/\/businessdatalab.ca\/wp-content\/uploads\/2025\/03\/2025BIQ_Q1_Slide12_FR-1536x758.png 1536w, https:\/\/businessdatalab.ca\/wp-content\/uploads\/2025\/03\/2025BIQ_Q1_Slide12_FR-2048x1011.png 2048w\" sizes=\"auto, (max-width: 1024px) 100vw, 1024px\" \/><figcaption class=\"wp-element-caption\"><em>Source\u00a0: Analyse du LDE \u00e0 partir de l\u2019Enqu\u00eate canadienne sur situation des entreprises de Statistique Canada;<br>9\u00a0785 r\u00e9ponses d\u2019entreprises en janvier et f\u00e9vrier 2025.<\/em><\/figcaption><\/figure>\n\n\n\n<h2 class=\"wp-block-heading has-text-align-left has-text-color has-link-color wp-elements-cb70a43d86503919e1813533835d95f4\" style=\"color:#7632e3\">Par taille d\u2019entreprise<\/h2>\n\n\n\n<p>Parmi les quatre tailles d\u2019entreprise, soit micro (1-4 employ\u00e9s), \u00e9chelle (5-19 employ\u00e9s), mature (20-99 employ\u00e9s) et moyenne et grande (100+ employ\u00e9s), ce sont les microentreprises qui sont les plus pessimistes\u00a0: leur moral a encore baiss\u00e9 entre le T4\u00a02024 et le T1\u00a02025, tandis que les autres tailles d\u2019entreprise sont rest\u00e9es stables.<\/p>\n\n\n\n<figure class=\"wp-block-image size-large\"><img loading=\"lazy\" decoding=\"async\" width=\"1024\" height=\"500\" src=\"https:\/\/businessdatalab.ca\/wp-content\/uploads\/2025\/03\/2025BIQ_Q1_Slide14_FR-1024x500.png\" alt=\"\" class=\"wp-image-40738\" srcset=\"https:\/\/businessdatalab.ca\/wp-content\/uploads\/2025\/03\/2025BIQ_Q1_Slide14_FR-1024x500.png 1024w, https:\/\/businessdatalab.ca\/wp-content\/uploads\/2025\/03\/2025BIQ_Q1_Slide14_FR-300x147.png 300w, https:\/\/businessdatalab.ca\/wp-content\/uploads\/2025\/03\/2025BIQ_Q1_Slide14_FR-768x375.png 768w, https:\/\/businessdatalab.ca\/wp-content\/uploads\/2025\/03\/2025BIQ_Q1_Slide14_FR-1536x750.png 1536w, https:\/\/businessdatalab.ca\/wp-content\/uploads\/2025\/03\/2025BIQ_Q1_Slide14_FR-2048x1000.png 2048w\" sizes=\"auto, (max-width: 1024px) 100vw, 1024px\" \/><figcaption class=\"wp-element-caption\"><em>Source\u00a0: Analyse du LDE \u00e0 partir de l\u2019Enqu\u00eate canadienne sur situation des entreprises de Statistique Canada;<br>9\u00a0785 r\u00e9ponses d\u2019entreprises en janvier et f\u00e9vrier 2025.<\/em><\/figcaption><\/figure>\n\n\n\n<p><strong>Une bonne nouvelle<\/strong>\u00a0: Malgr\u00e9 les incertitudes \u00e9conomiques actuelles, pr\u00e8s du trois quarts (73\u00a0%) des entreprises ont conserv\u00e9 leurs pr\u00e9visions positives pour l\u2019ann\u00e9e \u00e0 venir.<\/p>\n\n\n\n<h1 class=\"wp-block-heading has-text-color has-link-color wp-elements-735be05da52c2d0dd1b9a9536185f24c\" style=\"color:#00b9b4\">Les obstacles pour les affaires<\/h1>\n\n\n\n<p>La hausse de l\u2019inflation figure parmi les principaux obstacles \u00e0 l\u2019activit\u00e9 \u00e9conomique pr\u00e9vus au cours des trois prochains mois, tant pour l\u2019ensemble des entreprises que pour les exportateurs de biens.<\/p>\n\n\n\n<h2 class=\"wp-block-heading has-text-color has-link-color wp-elements-c56fd6b2533fc2685c33b52a12d98e1f\" style=\"color:#7632e3\">Par cat\u00e9gorie d\u2019obstacle<\/h2>\n\n\n\n<p>Les co\u00fbts restent le principal d\u00e9fi, mais les pr\u00e9occupations concernant la demande des consommateurs se sont intensifi\u00e9es.<\/p>\n\n\n\n<figure class=\"wp-block-image size-large\"><img loading=\"lazy\" decoding=\"async\" width=\"1024\" height=\"499\" src=\"https:\/\/businessdatalab.ca\/wp-content\/uploads\/2025\/03\/2025BIQ_Q1_Slide17_FR-1024x499.png\" alt=\"\" class=\"wp-image-40739\" srcset=\"https:\/\/businessdatalab.ca\/wp-content\/uploads\/2025\/03\/2025BIQ_Q1_Slide17_FR-1024x499.png 1024w, https:\/\/businessdatalab.ca\/wp-content\/uploads\/2025\/03\/2025BIQ_Q1_Slide17_FR-300x146.png 300w, https:\/\/businessdatalab.ca\/wp-content\/uploads\/2025\/03\/2025BIQ_Q1_Slide17_FR-768x374.png 768w, https:\/\/businessdatalab.ca\/wp-content\/uploads\/2025\/03\/2025BIQ_Q1_Slide17_FR-1536x749.png 1536w, https:\/\/businessdatalab.ca\/wp-content\/uploads\/2025\/03\/2025BIQ_Q1_Slide17_FR-2048x998.png 2048w\" sizes=\"auto, (max-width: 1024px) 100vw, 1024px\" \/><figcaption class=\"wp-element-caption\"><em>Source\u00a0: Analyse du LDE \u00e0 partir de l\u2019Enqu\u00eate canadienne sur situation des entreprises de Statistique Canada;<br>9\u00a0785 r\u00e9ponses d\u2019entreprises en janvier et f\u00e9vrier 2025.<\/em><\/figcaption><\/figure>\n\n\n\n<ul class=\"wp-block-list\">\n<li>La demande des consommateurs a surpass\u00e9 les p\u00e9nuries de main-d\u2019\u0153uvre comme principale pr\u00e9occupation au T4\u00a02024, une tendance qui s\u2019est poursuivie au T1\u00a02025. Ce changement montre que les consommateurs sont moins confiants et qu\u2019ils d\u00e9pensent moins en raison de l\u2019incertitude \u00e9conomique grandissante.<\/li>\n\n\n\n<li>De plus en plus d\u2019entreprises s\u2019attendent \u00e0 ce que les d\u00e9fis de la cha\u00eene d\u2019approvisionnement persistent ou s\u2019aggravent. Le nombre d\u2019entreprises qui anticipent de nouvelles perturbations a augment\u00e9 de 21\u00a0% d\u2019un trimestre \u00e0 l\u2019autre, soit la plus forte hausse enregistr\u00e9e depuis des ann\u00e9es.<\/li>\n\n\n\n<li>Les conflits de travail ont laiss\u00e9 des traces durables\u00a0: Les gr\u00e8ves dans le secteur des chemins de fer et des ports l\u2019ann\u00e9e derni\u00e8re ont touch\u00e9 pr\u00e8s de 130\u2009000\u00a0entreprises. Elles ont surtout affect\u00e9 les exportateurs qui d\u00e9pendent de ces infrastructures facilitant le commerce.<\/li>\n<\/ul>\n\n\n\n<h2 class=\"wp-block-heading has-text-color has-link-color wp-elements-2f5af89e3091010e8fa99b589eb8aa51\" style=\"color:#7632e3\">Fixation des prix et inflation<\/h2>\n\n\n\n<p>Bien que l\u2019inflation ait diminu\u00e9 tout au long de l\u2019ann\u00e9e\u00a02024, les inqui\u00e9tudes refont surface au d\u00e9but de l\u2019ann\u00e9e\u00a02025. En effet, de nombreuses entreprises envisagent d\u2019augmenter leurs prix pour la premi\u00e8re fois en plus d\u2019un an. Ce changement s\u2019accompagne de nouvelles mesures tarifaires qui pourraient entra\u00eener une hausse des co\u00fbts, indiquant un risque de reprise de l\u2019inflation \u00e0 court terme.<\/p>\n\n\n\n<figure class=\"wp-block-image size-large\"><img loading=\"lazy\" decoding=\"async\" width=\"1024\" height=\"501\" src=\"https:\/\/businessdatalab.ca\/wp-content\/uploads\/2025\/03\/2025BIQ_Q1_Slide21_FR-1024x501.png\" alt=\"\" class=\"wp-image-40740\" srcset=\"https:\/\/businessdatalab.ca\/wp-content\/uploads\/2025\/03\/2025BIQ_Q1_Slide21_FR-1024x501.png 1024w, https:\/\/businessdatalab.ca\/wp-content\/uploads\/2025\/03\/2025BIQ_Q1_Slide21_FR-300x147.png 300w, https:\/\/businessdatalab.ca\/wp-content\/uploads\/2025\/03\/2025BIQ_Q1_Slide21_FR-768x376.png 768w, https:\/\/businessdatalab.ca\/wp-content\/uploads\/2025\/03\/2025BIQ_Q1_Slide21_FR-1536x752.png 1536w, https:\/\/businessdatalab.ca\/wp-content\/uploads\/2025\/03\/2025BIQ_Q1_Slide21_FR-2048x1002.png 2048w\" sizes=\"auto, (max-width: 1024px) 100vw, 1024px\" \/><figcaption class=\"wp-element-caption\"><em>Remarque\u00a0: *Bilan des opinions = pourcentage d\u2019entreprises qui pr\u00e9voient d\u2019augmenter leurs prix de vente moins pourcentage d\u2019entreprises qui pr\u00e9voient de les baisser.<br>Source\u00a0: Analyse du LDE sur la base de l\u2019<em>Enqu\u00eate canadienne sur la situation des entreprises<\/em> et des donn\u00e9es sur l\u2019IPC de Statistique Canada.<\/em><\/figcaption><\/figure>\n\n\n\n<h2 class=\"wp-block-heading has-text-color has-link-color wp-elements-6c2aabd68837e2daed55d8ed324128ab\" style=\"color:#7632e3\">Cha\u00eenes d\u2019approvisionnement<\/h2>\n\n\n\n<p>Environ 40\u00a0% des exportateurs de biens s\u2019attendent \u00e0 une aggravation des obstacles dans la cha\u00eene d\u2019approvisionnement \u00e0 court terme. La majorit\u00e9 (54\u00a0%) croit plut\u00f4t que la situation va se maintenir.<\/p>\n\n\n\n<figure class=\"wp-block-image size-large\"><img loading=\"lazy\" decoding=\"async\" width=\"1024\" height=\"503\" src=\"https:\/\/businessdatalab.ca\/wp-content\/uploads\/2025\/03\/2025BIQ_Q1_Slide30_FR-1024x503.png\" alt=\"\" class=\"wp-image-40741\" srcset=\"https:\/\/businessdatalab.ca\/wp-content\/uploads\/2025\/03\/2025BIQ_Q1_Slide30_FR-1024x503.png 1024w, https:\/\/businessdatalab.ca\/wp-content\/uploads\/2025\/03\/2025BIQ_Q1_Slide30_FR-300x147.png 300w, https:\/\/businessdatalab.ca\/wp-content\/uploads\/2025\/03\/2025BIQ_Q1_Slide30_FR-768x378.png 768w, https:\/\/businessdatalab.ca\/wp-content\/uploads\/2025\/03\/2025BIQ_Q1_Slide30_FR-1536x755.png 1536w, https:\/\/businessdatalab.ca\/wp-content\/uploads\/2025\/03\/2025BIQ_Q1_Slide30_FR-2048x1007.png 2048w\" sizes=\"auto, (max-width: 1024px) 100vw, 1024px\" \/><figcaption class=\"wp-element-caption\"><em>Source\u00a0: Analyse du LDE \u00e0 partir de l\u2019Enqu\u00eate canadienne sur situation des entreprises de Statistique Canada.<\/em><\/figcaption><\/figure>\n\n\n\n<p>Par rapport au dernier trimestre, plus d\u2019exportateurs de biens s\u2019attendent \u00e0 ce que les probl\u00e8mes de la cha\u00eene d\u2019approvisionnement se poursuivent au-del\u00e0 des six prochains mois&nbsp;:<\/p>\n\n\n\n<ul class=\"wp-block-list\">\n<li>40\u00a0% s\u2019attendent \u00e0 avoir de la difficult\u00e9 \u00e0 obtenir des intrants au Canada (en hausse par rapport \u00e0 31\u00a0%).<\/li>\n\n\n\n<li>57\u00a0% s\u2019attendent \u00e0 avoir de la difficult\u00e9 \u00e0 obtenir des intrants de l\u2019\u00e9tranger (en hausse par rapport \u00e0 49\u00a0%).<\/li>\n\n\n\n<li>47\u00a0% s\u2019attendent \u00e0 devoir maintenir les niveaux de stocks (contre 31\u00a0%).<\/li>\n<\/ul>\n\n\n\n<h2 class=\"wp-block-heading has-text-color has-link-color wp-elements-dc260a5acc2cee87c653dca0bc0a3013\" style=\"color:#7632e3\">Conflits de travail<\/h2>\n\n\n\n<p>Cela fait presque 40\u00a0ans que le Canada n\u2019avait pas connu autant d\u2019arr\u00eats de travail qu\u2019en 2024. L\u2019ann\u00e9e derni\u00e8re, les gr\u00e8ves dans le secteur ferroviaire et portuaire ont touch\u00e9 environ 18\u2009000\u00a0exportateurs de marchandises, renfor\u00e7ant ainsi les difficult\u00e9s persistantes dans les cha\u00eenes d\u2019approvisionnement qui peinent \u00e0 se redresser.<\/p>\n\n\n\n<figure class=\"wp-block-image size-large\"><img loading=\"lazy\" decoding=\"async\" width=\"1024\" height=\"502\" src=\"https:\/\/businessdatalab.ca\/wp-content\/uploads\/2025\/03\/2025BIQ_Q1_Slide32_FR-1024x502.png\" alt=\"\" class=\"wp-image-40742\" srcset=\"https:\/\/businessdatalab.ca\/wp-content\/uploads\/2025\/03\/2025BIQ_Q1_Slide32_FR-1024x502.png 1024w, https:\/\/businessdatalab.ca\/wp-content\/uploads\/2025\/03\/2025BIQ_Q1_Slide32_FR-300x147.png 300w, https:\/\/businessdatalab.ca\/wp-content\/uploads\/2025\/03\/2025BIQ_Q1_Slide32_FR-768x377.png 768w, https:\/\/businessdatalab.ca\/wp-content\/uploads\/2025\/03\/2025BIQ_Q1_Slide32_FR-1536x754.png 1536w, https:\/\/businessdatalab.ca\/wp-content\/uploads\/2025\/03\/2025BIQ_Q1_Slide32_FR-2048x1005.png 2048w\" sizes=\"auto, (max-width: 1024px) 100vw, 1024px\" \/><figcaption class=\"wp-element-caption\"><em>Source\u00a0: Analyse du LDE \u00e0 partir de l\u2019Enqu\u00eate canadienne sur situation des entreprises de Statistique Canada;<br>9\u00a0785 r\u00e9ponses d\u2019entreprises en janvier et f\u00e9vrier 2025.<\/em><\/figcaption><\/figure>\n\n\n<section id=\"button-block_3d922d8c4ec3f374a6a6b009329e8427\" class=\"button py-16\"  style=\"background: #FFF\">\n    <div class=\"container\">\n        <div class=\"max-w-4xl mx-auto\">\n            <div class=\"flex flex-wrap gap-4\">\n                                    <a href=\"https:\/\/businessdatalab.ca\/wp-content\/uploads\/2025\/03\/2025_Q1_BIQ_FR_Final_PG_March-18.pdf\" \n                       target=\"_blank\"\n                       class=\"relative !decoration-none !no-underline items-start p-1 overflow-hidden border-2 border-black rounded-full gap-x-2 group inline-flex\">\n                        <div class=\"flex-shrink-0 flex m-auto\">\n                            <div class=\"relative w-9 z-[1] px-3 h-9 flex gap-3 overflow-hidden items-center justify-center rounded-full transition-all duration-500 ease-in-out\">\n                                <div class=\"absolute flex flex-1 transition-all duration-500 ease-in-out -translate-x-1\/2 left-1\/2 group-hover:-left-1\/2 group-hover:-translate-x-full\">\n                                    <i class=\"fa-solid fa-arrow-right text-base !leading-4 text-white\"><\/i>\n                                <\/div>\n                                <div class=\"flex-1 flex absolute -top-[1px] -right-5 transition-all duration-500 ease-in-out group-hover:right-[18px] translate-x-0 group-hover:translate-x-1\/2\">\n                                    <i class=\"fa-solid fa-arrow-right text-base !leading-4 text-white\"><\/i>\n                                <\/div>\n                            <\/div>\n                            <div class=\"bg-violet absolute rounded-full left-1 right-1.5 z-0 w-9 h-9 group-hover:w-[calc(100%-8px)] transition-all duration-500 ease-in-out top-0 bottom-0 my-auto mx-0\"><\/div>\n                        <\/div>\n                        <div class=\"pr-6 relative flex items-center z-[1] py-2\">\n                            <span class=\"text-black text-sm md:text-base !leading-4 uppercase font-medium transition-all duration-500 ease-in-out group-hover:text-white !decoration-none !no-underline\">\n                                Acc\u00e9dez au rapport                            <\/span>\n                        <\/div>\n                    <\/a>\n                            <\/div>\n        <\/div>\n    <\/div>\n<\/section>\n","protected":false},"excerpt":{"rendered":"<p>\u00c0 mesure que l\u2019ann\u00e9e 2025 avance, les entreprises canadiennes, en particulier celles qui exportent des biens, font face \u00e0 des difficult\u00e9s croissantes.<\/p>\n","protected":false},"author":28,"featured_media":40602,"comment_status":"open","ping_status":"closed","template":"","meta":{"_acf_changed":false,"content-type":"","inline_featured_image":false,"ngg_post_thumbnail":0,"footnotes":""},"publication-type":[395],"publication-topic":[],"class_list":["post-40734","publications","type-publications","status-publish","has-post-thumbnail","hentry","publication-type-blog-fr"],"acf":[],"yoast_head":"<!-- This site is optimized with the Yoast SEO plugin v27.2 - https:\/\/yoast.com\/product\/yoast-seo-wordpress\/ -->\n<title>Les exportateurs de marchandises traversent une p\u00e9riode difficile\u00a0: les principales observations tir\u00e9es des Donn\u00e9es trimestrielles sur les entreprises (T1 2025) - Business Data Lab<\/title>\n<meta name=\"robots\" content=\"index, follow, max-snippet:-1, max-image-preview:large, max-video-preview:-1\" \/>\n<link rel=\"canonical\" href=\"https:\/\/businessdatalab.ca\/fr\/publications\/exportateurs-marchandises-observations-t1-2025\/\" \/>\n<meta property=\"og:locale\" content=\"fr_FR\" \/>\n<meta property=\"og:type\" content=\"article\" \/>\n<meta property=\"og:title\" content=\"Les exportateurs de marchandises traversent une p\u00e9riode difficile\u00a0: les principales observations tir\u00e9es des Donn\u00e9es trimestrielles sur les entreprises (T1 2025) - Business Data Lab\" \/>\n<meta property=\"og:description\" content=\"\u00c0 mesure que l\u2019ann\u00e9e 2025 avance, les entreprises canadiennes, en particulier celles qui exportent des biens, font face \u00e0 des difficult\u00e9s croissantes.\" \/>\n<meta property=\"og:url\" content=\"https:\/\/businessdatalab.ca\/fr\/publications\/exportateurs-marchandises-observations-t1-2025\/\" \/>\n<meta property=\"og:site_name\" content=\"Business Data Lab\" \/>\n<meta property=\"article:publisher\" content=\"https:\/\/www.facebook.com\/CdnChamberofCom\/\" \/>\n<meta property=\"article:modified_time\" content=\"2025-04-02T15:44:24+00:00\" \/>\n<meta property=\"og:image\" content=\"https:\/\/businessdatalab.ca\/wp-content\/uploads\/2025\/03\/Thumbnail-scaled.jpg\" \/>\n\t<meta property=\"og:image:width\" content=\"2560\" \/>\n\t<meta property=\"og:image:height\" content=\"1596\" \/>\n\t<meta property=\"og:image:type\" content=\"image\/jpeg\" \/>\n<meta name=\"twitter:card\" content=\"summary_large_image\" \/>\n<meta name=\"twitter:site\" content=\"@CdnChamberofCom\" \/>\n<meta name=\"twitter:label1\" content=\"Est. reading time\" \/>\n\t<meta name=\"twitter:data1\" content=\"6 minutes\" \/>\n<script type=\"application\/ld+json\" class=\"yoast-schema-graph\">{\"@context\":\"https:\/\/schema.org\",\"@graph\":[{\"@type\":\"WebPage\",\"@id\":\"https:\/\/businessdatalab.ca\/fr\/publications\/exportateurs-marchandises-observations-t1-2025\/\",\"url\":\"https:\/\/businessdatalab.ca\/fr\/publications\/exportateurs-marchandises-observations-t1-2025\/\",\"name\":\"Les exportateurs de marchandises traversent une p\u00e9riode difficile\u00a0: les principales observations tir\u00e9es des Donn\u00e9es trimestrielles sur les entreprises (T1 2025) - Business Data Lab\",\"isPartOf\":{\"@id\":\"https:\/\/businessdatalab.ca\/#website\"},\"primaryImageOfPage\":{\"@id\":\"https:\/\/businessdatalab.ca\/fr\/publications\/exportateurs-marchandises-observations-t1-2025\/#primaryimage\"},\"image\":{\"@id\":\"https:\/\/businessdatalab.ca\/fr\/publications\/exportateurs-marchandises-observations-t1-2025\/#primaryimage\"},\"thumbnailUrl\":\"https:\/\/businessdatalab.ca\/wp-content\/uploads\/2025\/03\/Thumbnail-scaled.jpg\",\"datePublished\":\"2025-03-24T15:12:35+00:00\",\"dateModified\":\"2025-04-02T15:44:24+00:00\",\"breadcrumb\":{\"@id\":\"https:\/\/businessdatalab.ca\/fr\/publications\/exportateurs-marchandises-observations-t1-2025\/#breadcrumb\"},\"inLanguage\":\"fr-FR\",\"potentialAction\":[{\"@type\":\"ReadAction\",\"target\":[\"https:\/\/businessdatalab.ca\/fr\/publications\/exportateurs-marchandises-observations-t1-2025\/\"]}]},{\"@type\":\"ImageObject\",\"inLanguage\":\"fr-FR\",\"@id\":\"https:\/\/businessdatalab.ca\/fr\/publications\/exportateurs-marchandises-observations-t1-2025\/#primaryimage\",\"url\":\"https:\/\/businessdatalab.ca\/wp-content\/uploads\/2025\/03\/Thumbnail-scaled.jpg\",\"contentUrl\":\"https:\/\/businessdatalab.ca\/wp-content\/uploads\/2025\/03\/Thumbnail-scaled.jpg\",\"width\":2560,\"height\":1596},{\"@type\":\"BreadcrumbList\",\"@id\":\"https:\/\/businessdatalab.ca\/fr\/publications\/exportateurs-marchandises-observations-t1-2025\/#breadcrumb\",\"itemListElement\":[{\"@type\":\"ListItem\",\"position\":1,\"name\":\"Home\",\"item\":\"https:\/\/businessdatalab.ca\/fr\/\"},{\"@type\":\"ListItem\",\"position\":2,\"name\":\"Les exportateurs de marchandises traversent une p\u00e9riode difficile\u00a0: les principales observations tir\u00e9es des Donn\u00e9es trimestrielles sur les entreprises (T1 2025)\"}]},{\"@type\":\"WebSite\",\"@id\":\"https:\/\/businessdatalab.ca\/#website\",\"url\":\"https:\/\/businessdatalab.ca\/\",\"name\":\"Business Data Lab\",\"description\":\"\",\"publisher\":{\"@id\":\"https:\/\/businessdatalab.ca\/#organization\"},\"potentialAction\":[{\"@type\":\"SearchAction\",\"target\":{\"@type\":\"EntryPoint\",\"urlTemplate\":\"https:\/\/businessdatalab.ca\/?s={search_term_string}\"},\"query-input\":{\"@type\":\"PropertyValueSpecification\",\"valueRequired\":true,\"valueName\":\"search_term_string\"}}],\"inLanguage\":\"fr-FR\"},{\"@type\":\"Organization\",\"@id\":\"https:\/\/businessdatalab.ca\/#organization\",\"name\":\"Business Data Lab\",\"url\":\"https:\/\/businessdatalab.ca\/\",\"logo\":{\"@type\":\"ImageObject\",\"inLanguage\":\"fr-FR\",\"@id\":\"https:\/\/businessdatalab.ca\/#\/schema\/logo\/image\/\",\"url\":\"https:\/\/businessdatalab.ca\/wp-content\/uploads\/2022\/09\/Chamber__BDL_Logo.png\",\"contentUrl\":\"https:\/\/businessdatalab.ca\/wp-content\/uploads\/2022\/09\/Chamber__BDL_Logo.png\",\"width\":479,\"height\":61,\"caption\":\"Business Data Lab\"},\"image\":{\"@id\":\"https:\/\/businessdatalab.ca\/#\/schema\/logo\/image\/\"},\"sameAs\":[\"https:\/\/www.facebook.com\/CdnChamberofCom\/\",\"https:\/\/x.com\/CdnChamberofCom\"]}]}<\/script>\n<!-- \/ Yoast SEO plugin. -->","yoast_head_json":{"title":"Les exportateurs de marchandises traversent une p\u00e9riode difficile\u00a0: les principales observations tir\u00e9es des Donn\u00e9es trimestrielles sur les entreprises (T1 2025) - Business Data Lab","robots":{"index":"index","follow":"follow","max-snippet":"max-snippet:-1","max-image-preview":"max-image-preview:large","max-video-preview":"max-video-preview:-1"},"canonical":"https:\/\/businessdatalab.ca\/fr\/publications\/exportateurs-marchandises-observations-t1-2025\/","og_locale":"fr_FR","og_type":"article","og_title":"Les exportateurs de marchandises traversent une p\u00e9riode difficile\u00a0: les principales observations tir\u00e9es des Donn\u00e9es trimestrielles sur les entreprises (T1 2025) - Business Data Lab","og_description":"\u00c0 mesure que l\u2019ann\u00e9e 2025 avance, les entreprises canadiennes, en particulier celles qui exportent des biens, font face \u00e0 des difficult\u00e9s croissantes.","og_url":"https:\/\/businessdatalab.ca\/fr\/publications\/exportateurs-marchandises-observations-t1-2025\/","og_site_name":"Business Data Lab","article_publisher":"https:\/\/www.facebook.com\/CdnChamberofCom\/","article_modified_time":"2025-04-02T15:44:24+00:00","og_image":[{"width":2560,"height":1596,"url":"https:\/\/businessdatalab.ca\/wp-content\/uploads\/2025\/03\/Thumbnail-scaled.jpg","type":"image\/jpeg"}],"twitter_card":"summary_large_image","twitter_site":"@CdnChamberofCom","twitter_misc":{"Est. reading time":"6 minutes"},"schema":{"@context":"https:\/\/schema.org","@graph":[{"@type":"WebPage","@id":"https:\/\/businessdatalab.ca\/fr\/publications\/exportateurs-marchandises-observations-t1-2025\/","url":"https:\/\/businessdatalab.ca\/fr\/publications\/exportateurs-marchandises-observations-t1-2025\/","name":"Les exportateurs de marchandises traversent une p\u00e9riode difficile\u00a0: les principales observations tir\u00e9es des Donn\u00e9es trimestrielles sur les entreprises (T1 2025) - Business Data Lab","isPartOf":{"@id":"https:\/\/businessdatalab.ca\/#website"},"primaryImageOfPage":{"@id":"https:\/\/businessdatalab.ca\/fr\/publications\/exportateurs-marchandises-observations-t1-2025\/#primaryimage"},"image":{"@id":"https:\/\/businessdatalab.ca\/fr\/publications\/exportateurs-marchandises-observations-t1-2025\/#primaryimage"},"thumbnailUrl":"https:\/\/businessdatalab.ca\/wp-content\/uploads\/2025\/03\/Thumbnail-scaled.jpg","datePublished":"2025-03-24T15:12:35+00:00","dateModified":"2025-04-02T15:44:24+00:00","breadcrumb":{"@id":"https:\/\/businessdatalab.ca\/fr\/publications\/exportateurs-marchandises-observations-t1-2025\/#breadcrumb"},"inLanguage":"fr-FR","potentialAction":[{"@type":"ReadAction","target":["https:\/\/businessdatalab.ca\/fr\/publications\/exportateurs-marchandises-observations-t1-2025\/"]}]},{"@type":"ImageObject","inLanguage":"fr-FR","@id":"https:\/\/businessdatalab.ca\/fr\/publications\/exportateurs-marchandises-observations-t1-2025\/#primaryimage","url":"https:\/\/businessdatalab.ca\/wp-content\/uploads\/2025\/03\/Thumbnail-scaled.jpg","contentUrl":"https:\/\/businessdatalab.ca\/wp-content\/uploads\/2025\/03\/Thumbnail-scaled.jpg","width":2560,"height":1596},{"@type":"BreadcrumbList","@id":"https:\/\/businessdatalab.ca\/fr\/publications\/exportateurs-marchandises-observations-t1-2025\/#breadcrumb","itemListElement":[{"@type":"ListItem","position":1,"name":"Home","item":"https:\/\/businessdatalab.ca\/fr\/"},{"@type":"ListItem","position":2,"name":"Les exportateurs de marchandises traversent une p\u00e9riode difficile\u00a0: les principales observations tir\u00e9es des Donn\u00e9es trimestrielles sur les entreprises (T1 2025)"}]},{"@type":"WebSite","@id":"https:\/\/businessdatalab.ca\/#website","url":"https:\/\/businessdatalab.ca\/","name":"Business Data Lab","description":"","publisher":{"@id":"https:\/\/businessdatalab.ca\/#organization"},"potentialAction":[{"@type":"SearchAction","target":{"@type":"EntryPoint","urlTemplate":"https:\/\/businessdatalab.ca\/?s={search_term_string}"},"query-input":{"@type":"PropertyValueSpecification","valueRequired":true,"valueName":"search_term_string"}}],"inLanguage":"fr-FR"},{"@type":"Organization","@id":"https:\/\/businessdatalab.ca\/#organization","name":"Business Data Lab","url":"https:\/\/businessdatalab.ca\/","logo":{"@type":"ImageObject","inLanguage":"fr-FR","@id":"https:\/\/businessdatalab.ca\/#\/schema\/logo\/image\/","url":"https:\/\/businessdatalab.ca\/wp-content\/uploads\/2022\/09\/Chamber__BDL_Logo.png","contentUrl":"https:\/\/businessdatalab.ca\/wp-content\/uploads\/2022\/09\/Chamber__BDL_Logo.png","width":479,"height":61,"caption":"Business Data Lab"},"image":{"@id":"https:\/\/businessdatalab.ca\/#\/schema\/logo\/image\/"},"sameAs":["https:\/\/www.facebook.com\/CdnChamberofCom\/","https:\/\/x.com\/CdnChamberofCom"]}]}},"hide_from_sitemap_search":"","_links":{"self":[{"href":"https:\/\/businessdatalab.ca\/fr\/wp-json\/wp\/v2\/publications\/40734","targetHints":{"allow":["GET"]}}],"collection":[{"href":"https:\/\/businessdatalab.ca\/fr\/wp-json\/wp\/v2\/publications"}],"about":[{"href":"https:\/\/businessdatalab.ca\/fr\/wp-json\/wp\/v2\/types\/publications"}],"author":[{"embeddable":true,"href":"https:\/\/businessdatalab.ca\/fr\/wp-json\/wp\/v2\/users\/28"}],"replies":[{"embeddable":true,"href":"https:\/\/businessdatalab.ca\/fr\/wp-json\/wp\/v2\/comments?post=40734"}],"version-history":[{"count":0,"href":"https:\/\/businessdatalab.ca\/fr\/wp-json\/wp\/v2\/publications\/40734\/revisions"}],"wp:featuredmedia":[{"embeddable":true,"href":"https:\/\/businessdatalab.ca\/fr\/wp-json\/wp\/v2\/media\/40602"}],"wp:attachment":[{"href":"https:\/\/businessdatalab.ca\/fr\/wp-json\/wp\/v2\/media?parent=40734"}],"wp:term":[{"taxonomy":"publication-type","embeddable":true,"href":"https:\/\/businessdatalab.ca\/fr\/wp-json\/wp\/v2\/publication-type?post=40734"},{"taxonomy":"publication-topic","embeddable":true,"href":"https:\/\/businessdatalab.ca\/fr\/wp-json\/wp\/v2\/publication-topic?post=40734"}],"curies":[{"name":"wp","href":"https:\/\/api.w.org\/{rel}","templated":true}]}}